{"id":2300,"date":"2024-05-30T16:37:20","date_gmt":"2024-05-30T16:37:20","guid":{"rendered":"https:\/\/wanderlustgranadatours.com\/?post_type=product&#038;p=2300"},"modified":"2024-07-29T20:32:23","modified_gmt":"2024-07-29T20:32:23","slug":"albaicin-con-merienda-arabe","status":"publish","type":"product","link":"https:\/\/wanderlustgranadatours.com\/es\/tours\/albaicin-con-merienda-arabe\/","title":{"rendered":"Albaic\u00edn con merienda \u00e1rabe"},"content":{"rendered":"<h4>No te conformes con una visita t\u00edpica, descubre con nosotros lugares \u00fanicos del barrio del  Albaic\u00edn, desconocidos incluso para los propios granadinos.<\/h4>\n<p>Ven y recorre la zona m\u00e1s m\u00e1gica de la ciudad, declarada Patrimonio de la Humanidad por la Unesco. Sus puertas medievales, casas moriscas, vistas a la Alhambra y calles zigzagueantes te sumergir\u00e1n en una aut\u00e9ntica medina \u00e1rabe. Adem\u00e1s, degustaremos sus tradicionales dulces de miel y frutos secos, junto a un t\u00e9 con hierbabuena o una refrescante limonada \u00e1rabe.<br \/>\nGranada tiene uno de los legados hist\u00f3ricos m\u00e1s ricos y agitados de nuestro pa\u00eds. En ella, \u00edberos, romanos, visigodos, musulmanes, jud\u00edos y cristianos  han dejado su huella, as\u00ed como un legado \u00fanico que recorreremos de la mano de nuestra gu\u00eda oficial. En esta visita al Albaic\u00edn descubriremos la evoluci\u00f3n de la ciudad desde su n\u00facleo m\u00e1s antiguo y conoceremos lugares muy especiales. Si\u00e9ntete como un aut\u00e9ntico explorador en el laberinto de sus calles hasta la cima.  Conocer\u00e1s numerosos monumentos de distintas \u00e9pocas, fundamentalmente hispanomusulmanes y renacentistas, sus preciosos C\u00e1rmenes, aljibes  y todos los secretos que guarda. Como guinda final, las tradicionales teter\u00edas del barrio nos esperar\u00e1n para que retomemos fuerza.<\/p>\n<table class=\"table table-bordered tours-tabs__table\" style=\"height: 233px;\" width=\"862\">\n<tbody>\n<tr>\n<td><strong>IDIOMA<\/strong><\/td>\n<td>espa\u00f1ol<\/td>\n<\/tr>\n<tr>\n<td><strong>DURACI\u00d3N<\/strong><\/td>\n<td>2-2:30 horas aprox<\/td>\n<\/tr>\n<tr>\n<td><strong>RECORRIDO<\/strong><\/td>\n<td>Plaza Nueva, Paseo de los tristes, Casa morisca, Cuesta del Chapiz, Mirador de San Nicol\u00e1s, Mezquita, Plaza larga, Palacio dar al horra, Puerta Monaita, Iglesia San Gregorio y Teter\u00eda.<\/td>\n<\/tr>\n<tr>\n<td><strong>PRECIO<\/strong><\/td>\n<td><b>30\u20ac\/ persona<\/b><br \/>\nTama\u00f1o del grupo: \u00a015 personas max.<\/td>\n<\/tr>\n<tr>\n<td><strong>RECOMENDACIONES<\/strong><\/td>\n<td>Usar calzado y ropa c\u00f3moda.<br \/>\nTraer agua.<br \/>\n<i class=\"fa fa-times icon-tick icon-tick--off\"><\/i>No llevar bolsos grandes.<br \/>\n<i class=\"fa fa-times icon-tick icon-tick--off\"><\/i>No traer carritos.<\/td>\n<\/tr>\n<tr>\n<td><strong>INCLUYE<\/strong><\/td>\n<td><i class=\"fa fa-check icon-tick icon-tick--on\"><\/i>Visita con gu\u00eda oficial acreditado<br \/>\n<i class=\"fa fa-check icon-tick icon-tick--on\"><\/i>T\u00e9 tradicional o limonada con hierbabuena y dulce \u00e1rabe con frutos secos y miel.<br \/>\n<\/td><\/tr>\n<tr>\n<td><strong>NO INCLUYE<\/strong><\/td>\n<td><i class=\"fa fa-times icon-tick icon-tick--off\"><\/i>Otro tipo de bebida o comida diferente a los ofrecidos<br \/>\n<\/td><\/tr>\n<tr>\n<td><strong>IMPORTANTE<\/strong><\/td>\n<td><i class=\"fa fa-times icon-tick icon-tick--off\"><\/i>Visita no apta para personas con movilidad reducida <\/td>\n<\/tr>\n<\/tbody>\n<\/table>\n","protected":false},"excerpt":{"rendered":"<p>Descubre con nosotros lugares \u00fanicos del barrio del  Albaic\u00edn, desconocidos incluso para los propios granadinos.<\/p>\n","protected":false},"featured_media":2337,"comment_status":"open","ping_status":"closed","template":"","meta":{"_monsterinsights_skip_tracking":false,"_monsterinsights_sitenote_active":false,"_monsterinsights_sitenote_note":"","_monsterinsights_sitenote_category":0},"product_cat":[203,258],"product_tag":[75,70,149,77,143,76,146,119,120,145],"class_list":{"0":"post-2300","1":"product","2":"type-product","3":"status-publish","4":"has-post-thumbnail","6":"product_cat-tours","7":"product_cat-visitas-granada","8":"product_tag-alcazaba","9":"product_tag-alhambra","10":"product_tag-espanol","11":"product_tag-generalife","12":"product_tag-granada-es","13":"product_tag-palacio-de-carlos-v","14":"product_tag-palacios-nazaries","15":"product_tag-tour-es","16":"product_tag-visita","17":"product_tag-visita-guiada","19":"first","20":"instock","21":"featured","22":"taxable","23":"shipping-taxable","24":"purchasable","25":"product-type-tour"},"yoast_head":"<!-- This site is optimized with the Yoast SEO plugin v23.1 - https:\/\/yoast.com\/wordpress\/plugins\/seo\/ -->\n<title>Albaic\u00edn con merienda \u00e1rabe - Wanderlust Granada tours<\/title>\n<meta name=\"description\" content=\"No te conformes con una visita t\u00edpica, descubre con nosotros lugares \u00fanicos del barrio del Albaic\u00edn, desconocidos incluso para los propios granadinos.\" \/>\n<meta name=\"robots\" content=\"index, follow, max-snippet:-1, max-image-preview:large, max-video-preview:-1\" \/>\n<link rel=\"canonical\" href=\"https:\/\/wanderlustgranadatours.com\/es\/tours\/albaicin-con-merienda-arabe\/\" \/>\n<meta property=\"og:locale\" content=\"es_ES\" \/>\n<meta property=\"og:type\" content=\"article\" \/>\n<meta property=\"og:title\" content=\"Albaic\u00edn con merienda \u00e1rabe - Wanderlust Granada tours\" \/>\n<meta property=\"og:description\" content=\"No te conformes con una visita t\u00edpica, descubre con nosotros lugares \u00fanicos del barrio del Albaic\u00edn, desconocidos incluso para los propios granadinos.\" \/>\n<meta property=\"og:url\" content=\"https:\/\/wanderlustgranadatours.com\/es\/tours\/albaicin-con-merienda-arabe\/\" \/>\n<meta property=\"og:site_name\" content=\"Wanderlust Granada tours\" \/>\n<meta property=\"article:publisher\" content=\"https:\/\/www.facebook.com\/wanderlustgranadatours\/\" \/>\n<meta property=\"article:modified_time\" content=\"2024-07-29T20:32:23+00:00\" \/>\n<meta property=\"og:image\" content=\"https:\/\/wanderlustgranadatours.com\/wp-content\/uploads\/2024\/06\/Albaicin-portada-01.jpg\" \/>\n\t<meta property=\"og:image:width\" content=\"1966\" \/>\n\t<meta property=\"og:image:height\" content=\"1298\" \/>\n\t<meta property=\"og:image:type\" content=\"image\/jpeg\" \/>\n<meta name=\"twitter:card\" content=\"summary_large_image\" \/>\n<meta name=\"twitter:label1\" content=\"Tiempo de lectura\" \/>\n\t<meta name=\"twitter:data1\" content=\"2 minutos\" \/>\n<script type=\"application\/ld+json\" class=\"yoast-schema-graph\">{\"@context\":\"https:\/\/schema.org\",\"@graph\":[{\"@type\":\"WebPage\",\"@id\":\"https:\/\/wanderlustgranadatours.com\/es\/tours\/albaicin-con-merienda-arabe\/\",\"url\":\"https:\/\/wanderlustgranadatours.com\/es\/tours\/albaicin-con-merienda-arabe\/\",\"name\":\"Albaic\u00edn con merienda \u00e1rabe - Wanderlust Granada tours\",\"isPartOf\":{\"@id\":\"https:\/\/wanderlustgranadatours.com\/#website\"},\"primaryImageOfPage\":{\"@id\":\"https:\/\/wanderlustgranadatours.com\/es\/tours\/albaicin-con-merienda-arabe\/#primaryimage\"},\"image\":{\"@id\":\"https:\/\/wanderlustgranadatours.com\/es\/tours\/albaicin-con-merienda-arabe\/#primaryimage\"},\"thumbnailUrl\":\"https:\/\/wanderlustgranadatours.com\/wp-content\/uploads\/2024\/06\/Albaicin-portada-01.jpg\",\"datePublished\":\"2024-05-30T16:37:20+00:00\",\"dateModified\":\"2024-07-29T20:32:23+00:00\",\"description\":\"No te conformes con una visita t\u00edpica, descubre con nosotros lugares \u00fanicos del barrio del Albaic\u00edn, desconocidos incluso para los propios granadinos.\",\"breadcrumb\":{\"@id\":\"https:\/\/wanderlustgranadatours.com\/es\/tours\/albaicin-con-merienda-arabe\/#breadcrumb\"},\"inLanguage\":\"es\",\"potentialAction\":[{\"@type\":\"ReadAction\",\"target\":[\"https:\/\/wanderlustgranadatours.com\/es\/tours\/albaicin-con-merienda-arabe\/\"]}]},{\"@type\":\"ImageObject\",\"inLanguage\":\"es\",\"@id\":\"https:\/\/wanderlustgranadatours.com\/es\/tours\/albaicin-con-merienda-arabe\/#primaryimage\",\"url\":\"https:\/\/wanderlustgranadatours.com\/wp-content\/uploads\/2024\/06\/Albaicin-portada-01.jpg\",\"contentUrl\":\"https:\/\/wanderlustgranadatours.com\/wp-content\/uploads\/2024\/06\/Albaicin-portada-01.jpg\",\"width\":1966,\"height\":1298,\"caption\":\"Albaic\u00edn con merienda \u00e1rabe - Wanderlust Granada Tours\"},{\"@type\":\"BreadcrumbList\",\"@id\":\"https:\/\/wanderlustgranadatours.com\/es\/tours\/albaicin-con-merienda-arabe\/#breadcrumb\",\"itemListElement\":[{\"@type\":\"ListItem\",\"position\":1,\"name\":\"Portada\",\"item\":\"https:\/\/wanderlustgranadatours.com\/es\/\"},{\"@type\":\"ListItem\",\"position\":2,\"name\":\"Tienda\",\"item\":\"https:\/\/wanderlustgranadatours.com\/es\/tienda\/\"},{\"@type\":\"ListItem\",\"position\":3,\"name\":\"Albaic\u00edn con merienda \u00e1rabe\"}]},{\"@type\":\"WebSite\",\"@id\":\"https:\/\/wanderlustgranadatours.com\/#website\",\"url\":\"https:\/\/wanderlustgranadatours.com\/\",\"name\":\"Wanderlust Granada tours\",\"description\":\"Tours m\u00e1gicos por Granada\",\"potentialAction\":[{\"@type\":\"SearchAction\",\"target\":{\"@type\":\"EntryPoint\",\"urlTemplate\":\"https:\/\/wanderlustgranadatours.com\/?s={search_term_string}\"},\"query-input\":\"required name=search_term_string\"}],\"inLanguage\":\"es\"}]}<\/script>\n<!-- \/ Yoast SEO plugin. -->","yoast_head_json":{"title":"Albaic\u00edn con merienda \u00e1rabe - Wanderlust Granada tours","description":"No te conformes con una visita t\u00edpica, descubre con nosotros lugares \u00fanicos del barrio del Albaic\u00edn, desconocidos incluso para los propios granadinos.","robots":{"index":"index","follow":"follow","max-snippet":"max-snippet:-1","max-image-preview":"max-image-preview:large","max-video-preview":"max-video-preview:-1"},"canonical":"https:\/\/wanderlustgranadatours.com\/es\/tours\/albaicin-con-merienda-arabe\/","og_locale":"es_ES","og_type":"article","og_title":"Albaic\u00edn con merienda \u00e1rabe - Wanderlust Granada tours","og_description":"No te conformes con una visita t\u00edpica, descubre con nosotros lugares \u00fanicos del barrio del Albaic\u00edn, desconocidos incluso para los propios granadinos.","og_url":"https:\/\/wanderlustgranadatours.com\/es\/tours\/albaicin-con-merienda-arabe\/","og_site_name":"Wanderlust Granada tours","article_publisher":"https:\/\/www.facebook.com\/wanderlustgranadatours\/","article_modified_time":"2024-07-29T20:32:23+00:00","og_image":[{"width":1966,"height":1298,"url":"https:\/\/wanderlustgranadatours.com\/wp-content\/uploads\/2024\/06\/Albaicin-portada-01.jpg","type":"image\/jpeg"}],"twitter_card":"summary_large_image","twitter_misc":{"Tiempo de lectura":"2 minutos"},"schema":{"@context":"https:\/\/schema.org","@graph":[{"@type":"WebPage","@id":"https:\/\/wanderlustgranadatours.com\/es\/tours\/albaicin-con-merienda-arabe\/","url":"https:\/\/wanderlustgranadatours.com\/es\/tours\/albaicin-con-merienda-arabe\/","name":"Albaic\u00edn con merienda \u00e1rabe - Wanderlust Granada tours","isPartOf":{"@id":"https:\/\/wanderlustgranadatours.com\/#website"},"primaryImageOfPage":{"@id":"https:\/\/wanderlustgranadatours.com\/es\/tours\/albaicin-con-merienda-arabe\/#primaryimage"},"image":{"@id":"https:\/\/wanderlustgranadatours.com\/es\/tours\/albaicin-con-merienda-arabe\/#primaryimage"},"thumbnailUrl":"https:\/\/wanderlustgranadatours.com\/wp-content\/uploads\/2024\/06\/Albaicin-portada-01.jpg","datePublished":"2024-05-30T16:37:20+00:00","dateModified":"2024-07-29T20:32:23+00:00","description":"No te conformes con una visita t\u00edpica, descubre con nosotros lugares \u00fanicos del barrio del Albaic\u00edn, desconocidos incluso para los propios granadinos.","breadcrumb":{"@id":"https:\/\/wanderlustgranadatours.com\/es\/tours\/albaicin-con-merienda-arabe\/#breadcrumb"},"inLanguage":"es","potentialAction":[{"@type":"ReadAction","target":["https:\/\/wanderlustgranadatours.com\/es\/tours\/albaicin-con-merienda-arabe\/"]}]},{"@type":"ImageObject","inLanguage":"es","@id":"https:\/\/wanderlustgranadatours.com\/es\/tours\/albaicin-con-merienda-arabe\/#primaryimage","url":"https:\/\/wanderlustgranadatours.com\/wp-content\/uploads\/2024\/06\/Albaicin-portada-01.jpg","contentUrl":"https:\/\/wanderlustgranadatours.com\/wp-content\/uploads\/2024\/06\/Albaicin-portada-01.jpg","width":1966,"height":1298,"caption":"Albaic\u00edn con merienda \u00e1rabe - Wanderlust Granada Tours"},{"@type":"BreadcrumbList","@id":"https:\/\/wanderlustgranadatours.com\/es\/tours\/albaicin-con-merienda-arabe\/#breadcrumb","itemListElement":[{"@type":"ListItem","position":1,"name":"Portada","item":"https:\/\/wanderlustgranadatours.com\/es\/"},{"@type":"ListItem","position":2,"name":"Tienda","item":"https:\/\/wanderlustgranadatours.com\/es\/tienda\/"},{"@type":"ListItem","position":3,"name":"Albaic\u00edn con merienda \u00e1rabe"}]},{"@type":"WebSite","@id":"https:\/\/wanderlustgranadatours.com\/#website","url":"https:\/\/wanderlustgranadatours.com\/","name":"Wanderlust Granada tours","description":"Tours m\u00e1gicos por Granada","potentialAction":[{"@type":"SearchAction","target":{"@type":"EntryPoint","urlTemplate":"https:\/\/wanderlustgranadatours.com\/?s={search_term_string}"},"query-input":"required name=search_term_string"}],"inLanguage":"es"}]}},"_links":{"self":[{"href":"https:\/\/wanderlustgranadatours.com\/es\/wp-json\/wp\/v2\/product\/2300"}],"collection":[{"href":"https:\/\/wanderlustgranadatours.com\/es\/wp-json\/wp\/v2\/product"}],"about":[{"href":"https:\/\/wanderlustgranadatours.com\/es\/wp-json\/wp\/v2\/types\/product"}],"replies":[{"embeddable":true,"href":"https:\/\/wanderlustgranadatours.com\/es\/wp-json\/wp\/v2\/comments?post=2300"}],"wp:featuredmedia":[{"embeddable":true,"href":"https:\/\/wanderlustgranadatours.com\/es\/wp-json\/wp\/v2\/media\/2337"}],"wp:attachment":[{"href":"https:\/\/wanderlustgranadatours.com\/es\/wp-json\/wp\/v2\/media?parent=2300"}],"wp:term":[{"taxonomy":"product_cat","embeddable":true,"href":"https:\/\/wanderlustgranadatours.com\/es\/wp-json\/wp\/v2\/product_cat?post=2300"},{"taxonomy":"product_tag","embeddable":true,"href":"https:\/\/wanderlustgranadatours.com\/es\/wp-json\/wp\/v2\/product_tag?post=2300"}],"curies":[{"name":"wp","href":"https:\/\/api.w.org\/{rel}","templated":true}]}}